{"id":66,"date":"2019-12-31T09:58:31","date_gmt":"2019-12-31T09:58:31","guid":{"rendered":"https:\/\/saarlandfrauen.de\/?page_id=66"},"modified":"2023-07-28T12:09:46","modified_gmt":"2023-07-28T11:09:46","slug":"landesverband","status":"publish","type":"page","link":"https:\/\/saarlandfrauen.de\/?page_id=66","title":{"rendered":"LV_Geschichte"},"content":{"rendered":"<p>[et_pb_section bb_built=&#8221;1&#8243; fullwidth=&#8221;on&#8221; _builder_version=&#8221;4.3.3&#8243; vertical_offset_tablet=&#8221;0&#8243; horizontal_offset_tablet=&#8221;0&#8243; z_index_tablet=&#8221;0&#8243; box_shadow_horizontal_tablet=&#8221;0px&#8221; box_shadow_vertical_tablet=&#8221;0px&#8221; box_shadow_blur_tablet=&#8221;40px&#8221; box_shadow_spread_tablet=&#8221;0px&#8221; next_background_color=&#8221;#000000&#8243;][et_pb_fullwidth_image admin_label=&#8221;Titel Bild&#8221; src=&#8221;https:\/\/saarlandfrauen.de\/wp-content\/uploads\/2021\/03\/shutterstock_257585629-scaled.jpg&#8221; _builder_version=&#8221;4.9.4&#8243; vertical_offset_tablet=&#8221;-35px&#8221; horizontal_offset_tablet=&#8221;0&#8243; hover_enabled=&#8221;0&#8243; z_index_tablet=&#8221;500&#8243; box_shadow_horizontal_tablet=&#8221;0px&#8221; box_shadow_vertical_tablet=&#8221;0px&#8221; box_shadow_blur_tablet=&#8221;40px&#8221; box_shadow_spread_tablet=&#8221;0px&#8221; max_height_last_edited=&#8221;on|desktop&#8221; max_height=&#8221;350px&#8221; sticky_enabled=&#8221;0&#8243; max_height_tablet=&#8221;275px&#8221; max_height_phone=&#8221;200px&#8221; vertical_offset_last_edited=&#8221;on|phone&#8221; vertical_offset=&#8221;-150px&#8221;]<\/p>\n<p><\/p>\n<p>[\/et_pb_fullwidth_image][\/et_pb_section][et_pb_section bb_built=&#8221;1&#8243; fullwidth=&#8221;on&#8221; _builder_version=&#8221;3.22&#8243; prev_background_color=&#8221;#000000&#8243; next_background_color=&#8221;#000000&#8243;][et_pb_fullwidth_menu admin_label=&#8221;Unter Men\u00fc&#8221; menu_id=&#8221;4&#8243; menu_style=&#8221;centered&#8221; submenu_direction=&#8221;downwards&#8221; fullwidth_menu=&#8221;off&#8221; menu_icon_color=&#8221;#000000&#8243; _builder_version=&#8221;4.4.3&#8243; menu_font=&#8221;|700|||||||&#8221; menu_font_size=&#8221;17px&#8221; background_color=&#8221;#e09900&#8243; vertical_offset_tablet=&#8221;0&#8243; horizontal_offset_tablet=&#8221;0&#8243; z_index_tablet=&#8221;500&#8243; menu_text_shadow_horizontal_length_tablet=&#8221;0px&#8221; menu_text_shadow_vertical_length_tablet=&#8221;0px&#8221; menu_text_shadow_blur_strength_tablet=&#8221;1px&#8221; box_shadow_horizontal_tablet=&#8221;0px&#8221; box_shadow_vertical_tablet=&#8221;0px&#8221; box_shadow_blur_tablet=&#8221;40px&#8221; box_shadow_spread_tablet=&#8221;0px&#8221; box_shadow_horizontal_image_tablet=&#8221;0px&#8221; box_shadow_vertical_image_tablet=&#8221;0px&#8221; box_shadow_blur_image_tablet=&#8221;40px&#8221; box_shadow_spread_image_tablet=&#8221;0px&#8221;]<\/p>\n<p><\/p>\n<p>[\/et_pb_fullwidth_menu][\/et_pb_section][et_pb_section bb_built=&#8221;1&#8243; _builder_version=&#8221;4.3.3&#8243; vertical_offset_tablet=&#8221;0&#8243; horizontal_offset_tablet=&#8221;0&#8243; z_index_tablet=&#8221;500&#8243; box_shadow_horizontal_tablet=&#8221;0px&#8221; box_shadow_vertical_tablet=&#8221;0px&#8221; box_shadow_blur_tablet=&#8221;40px&#8221; box_shadow_spread_tablet=&#8221;0px&#8221; prev_background_color=&#8221;#000000&#8243;][et_pb_row _builder_version=&#8221;3.25&#8243; background_size=&#8221;initial&#8221; background_position=&#8221;top_left&#8221; background_repeat=&#8221;repeat&#8221;][et_pb_column type=&#8221;4_4&#8243; _builder_version=&#8221;3.0.47&#8243; custom_padding=&#8221;|||&#8221; custom_padding__hover=&#8221;|||&#8221;][et_pb_text _builder_version=&#8221;4.9.7&#8243; vertical_offset_tablet=&#8221;0&#8243; horizontal_offset_tablet=&#8221;0&#8243; z_index_tablet=&#8221;500&#8243; text_text_shadow_horizontal_length_tablet=&#8221;0px&#8221; text_text_shadow_vertical_length_tablet=&#8221;0px&#8221; text_text_shadow_blur_strength_tablet=&#8221;1px&#8221; link_text_shadow_horizontal_length_tablet=&#8221;0px&#8221; link_text_shadow_vertical_length_tablet=&#8221;0px&#8221; link_text_shadow_blur_strength_tablet=&#8221;1px&#8221; ul_text_shadow_horizontal_length_tablet=&#8221;0px&#8221; ul_text_shadow_vertical_length_tablet=&#8221;0px&#8221; ul_text_shadow_blur_strength_tablet=&#8221;1px&#8221; ol_text_shadow_horizontal_length_tablet=&#8221;0px&#8221; ol_text_shadow_vertical_length_tablet=&#8221;0px&#8221; ol_text_shadow_blur_strength_tablet=&#8221;1px&#8221; quote_text_shadow_horizontal_length_tablet=&#8221;0px&#8221; quote_text_shadow_vertical_length_tablet=&#8221;0px&#8221; quote_text_shadow_blur_strength_tablet=&#8221;1px&#8221; header_text_shadow_horizontal_length_tablet=&#8221;0px&#8221; header_text_shadow_vertical_length_tablet=&#8221;0px&#8221; header_text_shadow_blur_strength_tablet=&#8221;1px&#8221; header_2_text_shadow_horizontal_length_tablet=&#8221;0px&#8221; header_2_text_shadow_vertical_length_tablet=&#8221;0px&#8221; header_2_text_shadow_blur_strength_tablet=&#8221;1px&#8221; header_3_text_shadow_horizontal_length_tablet=&#8221;0px&#8221; header_3_text_shadow_vertical_length_tablet=&#8221;0px&#8221; header_3_text_shadow_blur_strength_tablet=&#8221;1px&#8221; header_4_text_shadow_horizontal_length_tablet=&#8221;0px&#8221; header_4_text_shadow_vertical_length_tablet=&#8221;0px&#8221; header_4_text_shadow_blur_strength_tablet=&#8221;1px&#8221; header_5_text_shadow_horizontal_length_tablet=&#8221;0px&#8221; header_5_text_shadow_vertical_length_tablet=&#8221;0px&#8221; header_5_text_shadow_blur_strength_tablet=&#8221;1px&#8221; header_6_text_shadow_horizontal_length_tablet=&#8221;0px&#8221; header_6_text_shadow_vertical_length_tablet=&#8221;0px&#8221; header_6_text_shadow_blur_strength_tablet=&#8221;1px&#8221; box_shadow_horizontal_tablet=&#8221;0px&#8221; box_shadow_vertical_tablet=&#8221;0px&#8221; box_shadow_blur_tablet=&#8221;40px&#8221; box_shadow_spread_tablet=&#8221;0px&#8221; text_text_shadow_horizontal_length=&#8221;text_text_shadow_style,%91object Object%93&#8243; text_text_shadow_vertical_length=&#8221;text_text_shadow_style,%91object Object%93&#8243; text_text_shadow_blur_strength=&#8221;text_text_shadow_style,%91object Object%93&#8243; link_text_shadow_horizontal_length=&#8221;link_text_shadow_style,%91object Object%93&#8243; link_text_shadow_vertical_length=&#8221;link_text_shadow_style,%91object Object%93&#8243; link_text_shadow_blur_strength=&#8221;link_text_shadow_style,%91object Object%93&#8243; ul_text_shadow_horizontal_length=&#8221;ul_text_shadow_style,%91object Object%93&#8243; ul_text_shadow_vertical_length=&#8221;ul_text_shadow_style,%91object Object%93&#8243; ul_text_shadow_blur_strength=&#8221;ul_text_shadow_style,%91object Object%93&#8243; ol_text_shadow_horizontal_length=&#8221;ol_text_shadow_style,%91object Object%93&#8243; ol_text_shadow_vertical_length=&#8221;ol_text_shadow_style,%91object Object%93&#8243; ol_text_shadow_blur_strength=&#8221;ol_text_shadow_style,%91object Object%93&#8243; quote_text_shadow_horizontal_length=&#8221;quote_text_shadow_style,%91object Object%93&#8243; quote_text_shadow_vertical_length=&#8221;quote_text_shadow_style,%91object Object%93&#8243; quote_text_shadow_blur_strength=&#8221;quote_text_shadow_style,%91object Object%93&#8243; header_text_shadow_horizontal_length=&#8221;header_text_shadow_style,%91object Object%93&#8243; header_text_shadow_vertical_length=&#8221;header_text_shadow_style,%91object Object%93&#8243; header_text_shadow_blur_strength=&#8221;header_text_shadow_style,%91object Object%93&#8243; header_2_text_shadow_horizontal_length=&#8221;header_2_text_shadow_style,%91object Object%93&#8243; header_2_text_shadow_vertical_length=&#8221;header_2_text_shadow_style,%91object Object%93&#8243; header_2_text_shadow_blur_strength=&#8221;header_2_text_shadow_style,%91object Object%93&#8243; header_3_text_shadow_horizontal_length=&#8221;header_3_text_shadow_style,%91object Object%93&#8243; header_3_text_shadow_vertical_length=&#8221;header_3_text_shadow_style,%91object Object%93&#8243; header_3_text_shadow_blur_strength=&#8221;header_3_text_shadow_style,%91object Object%93&#8243; header_4_text_shadow_horizontal_length=&#8221;header_4_text_shadow_style,%91object Object%93&#8243; header_4_text_shadow_vertical_length=&#8221;header_4_text_shadow_style,%91object Object%93&#8243; header_4_text_shadow_blur_strength=&#8221;header_4_text_shadow_style,%91object Object%93&#8243; header_5_text_shadow_horizontal_length=&#8221;header_5_text_shadow_style,%91object Object%93&#8243; header_5_text_shadow_vertical_length=&#8221;header_5_text_shadow_style,%91object Object%93&#8243; header_5_text_shadow_blur_strength=&#8221;header_5_text_shadow_style,%91object Object%93&#8243; header_6_text_shadow_horizontal_length=&#8221;header_6_text_shadow_style,%91object Object%93&#8243; header_6_text_shadow_vertical_length=&#8221;header_6_text_shadow_style,%91object Object%93&#8243; header_6_text_shadow_blur_strength=&#8221;header_6_text_shadow_style,%91object Object%93&#8243;]<\/p>\n<h1 style=\"text-align: center;\"><span style=\"text-decoration: underline;\">Landfrauen im Wandel der Zeit<\/span><\/h1>\n<p><span style=\"font-size: 14pt;\">2023:<\/span><\/p>\n<ul>\n<li><span style=\"font-size: 14pt;\">Der Vorstand des Landesverbandes der SaarLandFrauen e. V. wird neu gew\u00e4hlt, Camilla Atmer-Steitz wird zum 2. Mal im Amt best\u00e4tigt und ist weiterhin Landesvorsitzende. Als neue Stellvertreterinnen wurden Anja Gro\u00df und Melanie Laub gew\u00e4hlt. Beisitzerinnen sind Diana Deck, Judith Tasch und Angelika Conrad.<\/span><\/li>\n<\/ul>\n<p><span style=\"font-size: 14pt;\">2020:<\/span><\/p>\n<ul>\n<li><span style=\"font-size: 14pt;\">Camilla Atmer-Steitz wird als 2. Stellvertretende Vorsitzende im Frauenrat Saarland gew\u00e4hlt.<\/span><\/li>\n<\/ul>\n<p><span style=\"font-size: 14pt;\">2019:<\/span><\/p>\n<ul>\n<li><span style=\"font-size: 14pt;\">Diana Deck wird in der Delegiertenkonferenz als neue Beisitzerin gew\u00e4hlt und \u00fcbernimmt das Amt von Julia Kliver.<\/span><\/li>\n<li><span style=\"font-size: 14pt;\">Manuela P\u00f6hlchen vertritt die SaarLandFrauen im Vorstand der Verbraucherzentrale und im Landesmedienrat.<\/span><\/li>\n<\/ul>\n<p><span style=\"font-size: 14pt;\">2018:<\/span><\/p>\n<ul>\n<li><span style=\"font-size: 14pt;\">Es findet ein Wechsel in der Gesch\u00e4ftsf\u00fchrung statt: Frau Manuela P\u00f6hlchen \u00fcbernimmt die Stelle als Gesch\u00e4ftsf\u00fchrerin und Bildungsreferentin von Vera Backes, die nach mehr als 10 Jahren den Verband verl\u00e4sst.<\/span><\/li>\n<li><span style=\"font-size: 14pt;\">LandFrauen f\u00fchren zusammen mit dem Ministerium f\u00fcr Umwelt und Verbraucherschutz die Aktion \u201eZu gut f\u00fcr die Tonne\u201c durch und informieren Verbraucher in Globus und Rewe M\u00e4rkten zum Thema \u201eLebensmittelverschwendung\u201c.<\/span><\/li>\n<li><span style=\"font-size: 14pt;\">Camilla Atmer-Steitz wird als Beisitzerin im Landfrauenrat Saarland gew\u00e4hlt.<\/span><\/li>\n<li><span style=\"font-size: 14pt;\">Maria Streit vertritt die SaarLandFrauen bei der Landwirtschaftskammer.<\/span><\/li>\n<li><span style=\"font-size: 14pt;\">Es werden in Bliesmengen-Bolchen und Hemmersdorf zwei neue Landfrauenvereine gegr\u00fcndet.<\/span><\/li>\n<\/ul>\n<p><span style=\"font-size: 14pt;\">2015:<\/span><\/p>\n<ul>\n<li><span style=\"font-size: 14pt;\">Camilla Atmer-Steitz \u00fcbernimmt den Vorsitz von Hedwig Garbade mit einem neuen Vorstand; Silvia Wark und Maria Streit werden Stellvertretende Vorsitzende, Anja Gro\u00df, Christine Laub und Julia Kliver werden als Beisitzerinnen gew\u00e4hlt.<\/span><\/li>\n<\/ul>\n<p><span style=\"font-size: 14pt;\">2007:<\/span><\/p>\n<ul>\n<li><span style=\"font-size: 14pt;\">2007 findet ein Wechsel in der Gesch\u00e4ftsf\u00fchrung statt. Im Januar 2007 \u00fcbernimmt Vera Backes M.A. als Nachfolgerin von Gabi Krischel die Gesch\u00e4ftsf\u00fchrung.<\/span><\/li>\n<\/ul>\n<p><span style=\"font-size: 14pt;\">2006:<\/span><\/p>\n<ul>\n<li><span style=\"font-size: 14pt;\">Am 7. 5. 2006 beschlie\u00dft die Delegiertenversammlung der Landfrauen die Umbenennung des\u00a0<strong>Landesverbandes der Landfrauen Saar e. V.<\/strong>zu dem neuen Namen\u00a0<strong>Landesverband der SaarLandFrauen e. V.<\/strong><\/span><\/li>\n<\/ul>\n<p><span style=\"font-size: 14pt;\">2005:<\/span><\/p>\n<ul>\n<li><span style=\"font-size: 14pt;\">2005 starten die SaarLandFrauen das Projekt \u201cFit mit Milch\u201d. Ern\u00e4hrungsfachfrauen unterrichten an verschiedenen Schulen \u00fcber den gesundheitlichen Wert der Milch.<\/span><\/li>\n<\/ul>\n<p><span style=\"font-size: 14pt;\">2003:<\/span><\/p>\n<ul>\n<li><span style=\"font-size: 14pt;\">Im Fr\u00fchjahr 2003 werden Landfrauen zu \u201cSaarl\u00e4ndischen G\u00e4stef\u00fchrerinnen\u201d ausgebildet.<\/span><\/li>\n<\/ul>\n<p><span style=\"font-size: 14pt;\">2002:<\/span><\/p>\n<ul>\n<li><span style=\"font-size: 14pt;\">Der Verband besteht nunmehr aus 5050 zahlenden Mitgliedern, etwa 350 Frauen sind Ehrenmitglieder und von der Beitragszahlung befreit. Der R\u00fcckgang der Mitgliederzahlen und der \u00f6ffentlichen Zusch\u00fcsse schw\u00e4cht die Landfrauenarbeit durch knappe finanzielle Mittel.<\/span><\/li>\n<\/ul>\n<p><span style=\"font-size: 14pt;\">2001:<\/span><\/p>\n<ul>\n<li><span style=\"font-size: 14pt;\">Im Herbst 2001 werden 5 ausgebildete Landfrauen auf dem Agrarempfang der \u00d6ffentlichkeit als \u201cBotschafterinnen f\u00fcr Agrarprodukte\u201d vorgestellt, die mit fundiertem Wissen den Verbrauchern gezielt saarl\u00e4ndische Produkte vorstellen. Im November wird eine Brustkrebsvorsorgekampagne ins Leben gerufen. 3000 Frauen informieren sich \u00fcber die M\u00f6glichkeiten der Fr\u00fcherkennung von Brustkrebs.<\/span><\/li>\n<\/ul>\n<p><span style=\"font-size: 14pt;\">1999:<\/span><\/p>\n<ul>\n<li><span style=\"font-size: 14pt;\">Seit 1999 \u00fcbernehmen die Landfrauen auf dem allj\u00e4hrlich stattfindenden Neujahrsempfang des Ministerpr\u00e4sidenten des Saarlandes das Catering.<\/span><\/li>\n<\/ul>\n<p><span style=\"font-size: 14pt;\">1998:<\/span><\/p>\n<ul>\n<li><span style=\"font-size: 14pt;\">Im August 1998 verabschiedet sich Maria Rings-Kleer aus der Landfrauenarbeit und wendet sich einer neuen Aufgabe zu. Ihre Nachfolge tritt am 15.08.1998 Gabriele Krischel an. Die Stelle wird nun vom Ministerium f\u00fcr Bildung und Kultur mit 60% co-finanziert.<\/span><\/li>\n<li><span style=\"font-size: 14pt;\">Der Schwerpunkt der Landfrauenarbeit liegt nunmehr gezielt auf der bildungspolitischen Ausbildung und dem Engagement der Ortsvereine in der Nachwuchsarbeit und in der \u00f6ffentlichen Anerkennung der ehrenamtlichen Arbeit der Landfrauen.<\/span><\/li>\n<\/ul>\n<p><span style=\"font-size: 14pt;\">1997:<\/span><\/p>\n<ul>\n<li><span style=\"font-size: 14pt;\">Im Jahre 1997 hat der Landfrauenverband Saar e.V. 76 Ortsvereine und insgesamt 5639 Mitglieder. Er arbeitet v\u00f6llig selbst\u00e4ndig, ist unabh\u00e4ngig und aus dem Leben der D\u00f6rfer nicht mehr wegzudenken.<\/span><\/li>\n<li><span style=\"font-size: 14pt;\">Mit seiner angegliederten Bildungseinrichtung leistet er einen umfangreichen Beitrag zur allgemeinen und politischen Erwachsenenbildung und engagiert sich nach wie vor f\u00fcr die vielf\u00e4ltigen Belange der Frauen im l\u00e4ndlichen Raum.<\/span><\/li>\n<\/ul>\n<p><span style=\"font-size: 14pt;\">1995:<\/span><\/p>\n<ul>\n<li><span style=\"font-size: 14pt;\">Ab 01.01.1995 erhalten die B\u00e4uerinnen eine eigene Rente.<\/span><\/li>\n<li><span style=\"font-size: 14pt;\">Am 8. M\u00e4rz 1995 erhalten die Landfrauen aus Ottweiler-Steinbach den Aequitas-Preis, den F\u00f6rderpreis des Frauenministeriums f\u00fcr ihre besonderen Verdienste in der Arbeit f\u00fcr und mit den Frauen auf dem Land.<\/span><\/li>\n<li><span style=\"font-size: 14pt;\">Am 02.10.1995 \u00fcberreichen die saarl\u00e4ndischen Landfrauen zum ersten Mal die Erntekrone an den damaligen Bundespr\u00e4sidenten Roman Herzog.<\/span><\/li>\n<\/ul>\n<p><span style=\"font-size: 14pt;\">1994:<\/span><\/p>\n<ul>\n<li><span style=\"font-size: 14pt;\">Die Landesgesch\u00e4ftsstelle zieht 1994 in das Haus der Landwirtschaftlichen Sozialversicherungstr\u00e4ger um. Ebenso wie auch der Bauernverband Saar e.V.<\/span><\/li>\n<\/ul>\n<p><span style=\"font-size: 14pt;\">1993:<\/span><\/p>\n<ul>\n<li><span style=\"font-size: 14pt;\">Im Mai 1993 r\u00fcckt Elke Bernd aus Homburg f\u00fcr Irmtrud Schmitz als stellvertretende Landesvorsitzende nach.<\/span><\/li>\n<li><span style=\"font-size: 14pt;\">Hedwig Garbade vertritt den Verband als Mitglied in der Vertreterversammlung der landwirtschaftlichen Berufsgenossenschaft, der landw. Alterskasse und der landw. Krankenkasse.<\/span><\/li>\n<li><span style=\"font-size: 14pt;\">Am 26.11.1993 wird die LandfrauenBildungsEinrichtung als Einrichtung der allgemeinen Erwachsenenbildung anerkannt. Ab Januar 1994 werden die Personalkosten der Landesgesch\u00e4ftsf\u00fchrerin mit 40% bezuschusst.<\/span><\/li>\n<li><span style=\"font-size: 14pt;\">Mit dem Beschluss der Agrarverwaltungsreform Ende 1993 wird die Landwirtschaftsschule Saarbr\u00fccken aufgel\u00f6st und in die Landwirtschaftskammer eingegliedert.<\/span><\/li>\n<li><span style=\"font-size: 14pt;\">Die Kreisgesch\u00e4ftsf\u00fchrungen werden im Laufe der n\u00e4chsten Jahre durch ehrenamtlich t\u00e4tige Frauen besetzt. Den Anfang machen im Saar-Pfalz-Kreis Anita Wagner aus Wolfersheim, in Merzig Helga Becker aus Weiten und in Neunkirchen Irene Raber aus Hirzweiler.<\/span><\/li>\n<\/ul>\n<p><span style=\"font-size: 14pt;\">1990:<\/span><\/p>\n<ul>\n<li><span style=\"font-size: 14pt;\">Am 10.05 1990 wird Hedwig Garbade in Losheim zur neuen Landesvorsitzenden gew\u00e4hlt. Christel Steitz, die als Abgeordnete in den Landtag einzieht, kandidiert nicht mehr. Helga Becker und Irmtrud Schmitz werden als stellvertretende Landesvorsitzende in Ihren \u00c4mtern best\u00e4tigt.<\/span><\/li>\n<li><span style=\"font-size: 14pt;\">Nach einer Erhebung im Jahre 1990 sind noch 713 B\u00e4uerinnen im Landfrauenverband vertreten. Bei 5581 Mitgliedern macht ihr Anteil nur noch 13% aus.<\/span><\/li>\n<\/ul>\n<p><span style=\"font-size: 14pt;\">1989:<\/span><\/p>\n<ul>\n<li><span style=\"font-size: 14pt;\">1989 wird die Stelle der Landesgesch\u00e4ftsf\u00fchrerin neu besetzt.<\/span><\/li>\n<li><span style=\"font-size: 14pt;\">Mit Maria Rings-Kleer wird eine junge Frau angestellt, die zwar aus der Landwirtschaft, aber nicht mehr aus den Reihen der Landwirtschaftsschulen kommt. Damit wird die Selbst\u00e4ndigkeit des Verbandes eingeleitet.<\/span><\/li>\n<li><span style=\"font-size: 14pt;\">Die Gesch\u00e4ftsstelle ist nun in der noch einzigen Landwirtschaftsschule des Saarlandes in Saarbr\u00fccken beherbergt.<\/span><\/li>\n<li><span style=\"font-size: 14pt;\">Helga Becker wird zur stellvertretenden Vorsitzende des Frauenrates gew\u00e4hlt.<\/span><\/li>\n<\/ul>\n<p><span style=\"font-size: 14pt;\">1988:<\/span><\/p>\n<ul>\n<li><span style=\"font-size: 14pt;\">1988 l\u00f6st Christel Hauter aus Ottweiler Wally Nacken nach 25 Jahren im Vorstand der Verbraucherzentrale ab.<\/span><\/li>\n<\/ul>\n<p><span style=\"font-size: 14pt;\">1985:<\/span><\/p>\n<ul>\n<li><span style=\"font-size: 14pt;\">Ab 1985 wird das Verbandsabzeichen der Landfrauen, die Biene, auch im Saarland f\u00fcr lang-j\u00e4hrige Verdienste an Orts-, Kreis- und stellvertretenden Landesvorsitzenden verliehen.<\/span><\/li>\n<\/ul>\n<p><span style=\"font-size: 14pt;\">1982:<\/span><\/p>\n<ul>\n<li><span style=\"font-size: 14pt;\">1982 ist der Bundesvorstand des Deutschen Landfrauenverbandes zu einer Klausurtagung im Saarland eingeladen.<\/span><\/li>\n<\/ul>\n<p><span style=\"font-size: 14pt;\">1980:<\/span><\/p>\n<ul>\n<li><span style=\"font-size: 14pt;\">1980 ist der Weltlandfrauenkongress in Hamburg. Ein Bus mit der saarl\u00e4ndischen Landfrauendelegation f\u00e4hrt dort hin. Helga Becker aus Weiten wird zur stellvertretenden Landesvorsitzenden gew\u00e4hlt.<\/span><\/li>\n<\/ul>\n<p><span style=\"font-size: 14pt;\">1977:<\/span><\/p>\n<ul>\n<li><span style=\"font-size: 14pt;\">1977 gibt es im Saarland bereits 3800 Landfrauen, die sich in 63 Ortsvereinen organisiert haben.<\/span><\/li>\n<\/ul>\n<p><span style=\"font-size: 14pt;\">1976:<\/span><\/p>\n<ul>\n<li><span style=\"font-size: 14pt;\">1976 zieht Annegret Fedisch mit der Gesch\u00e4ftstelle nach Merzig um.<\/span><\/li>\n<li><span style=\"font-size: 14pt;\">Landfrauentage auf Bundes- und Landesebene, Berlinfahrten und Lehrfahrten und viele Vortr\u00e4ge und Seminare sind zu organisieren. Die Landfrauen nehmen mit einem eigenen Stand erstmals an der saarl\u00e4ndischen Verbrauchermesse \u201cWelt der Familie\u201d teil.<\/span><\/li>\n<\/ul>\n<p><span style=\"font-size: 14pt;\">1975:<\/span><\/p>\n<ul>\n<li><span style=\"font-size: 14pt;\">Im Dezember 1975 wird Christel Steitz aus Homburg-Websweiler zur neuen Landesvorsitzenden gew\u00e4hlt.<\/span><\/li>\n<\/ul>\n<p><span style=\"font-size: 14pt;\">1972:<\/span><\/p>\n<ul>\n<li><span style=\"font-size: 14pt;\">Am 01.01.1972 wird Annegret Fedisch an der Landwirtschaftskammer angestellt.<\/span><\/li>\n<li><span style=\"font-size: 14pt;\">Sie \u00fcbernimmt die Gesch\u00e4ftsf\u00fchrung des Landfrauenverbandes und l\u00f6st Beate Koch ab, die mit 68 Jahren noch als Stellvertreterin bleibt. Annegret Fedisch kann in ihrer Arbeit auf Kolleginnen wie Mechthild Meiers, Heide Sauermann, Maria M\u00f6rsdorf, Maria Jochem, Johanna Sand und Edeltrud Reichard bauen.<\/span><\/li>\n<li><span style=\"font-size: 14pt;\">Am 12.03.1972 kandidiert Annemarie Lindemann nicht mehr f\u00fcr das Amt der Landesvorsitzenden. Zu ihrer Nachfolgerin wird Hannelore Z\u00f6llner aus Saarbr\u00fccken gew\u00e4hlt. Leonie Fontaine aus M\u00fcnchweiler und Wally Nacken aus Ensheim bilden mit ihr die neue F\u00fchrungsspitze. Die Gesch\u00e4ftsstelle zieht mit Annegret Fedisch nach Saarlouis. Ende des Jahres wird die ALE vom Kultusministerium als Einrichtung der allgemeinen Erwachsenenbildung anerkannt und finanziell gef\u00f6rdert.<\/span><\/li>\n<li><span style=\"font-size: 14pt;\">Nach nicht einmal einem Jahr muss Hannelore Z\u00f6llner ihr Amt als Landesvorsitzende aus gesundheitlichen Gr\u00fcnden aufgeben.<\/span><\/li>\n<\/ul>\n<p><span style=\"font-size: 14pt;\">1970:<\/span><\/p>\n<ul>\n<li><span style=\"font-size: 14pt;\">Am 26.11.1970 wird die Arbeitsgemeinschaft l\u00e4ndliche Erwachsenenbildung (ALE) gegr\u00fcndet. Zusammen mit sechs anderen Verb\u00e4nden und Gruppen aus Landwirtschaft und l\u00e4ndlicher Raum soll die Bildungsarbeit gest\u00e4rkt werden. Hilde Sch\u00fcrmann, die damalige Kreisvorsitzende in Saarlouis, wird die erste Vorsitzende.<\/span><\/li>\n<\/ul>\n<p><span style=\"font-size: 14pt;\">1969:<\/span><\/p>\n<ul>\n<li><span style=\"font-size: 14pt;\">Anfang 1969 muss Heidi Neitzert aus gesundheitlichen Gr\u00fcnden die Gesch\u00e4ftf\u00fchrung aufgeben, Beate Koch \u00fcbernimmt sie noch einmal kommissarisch. Die Gesch\u00e4ftsstelle ist nun in Saarbr\u00fccken beheimatet.<\/span><\/li>\n<\/ul>\n<p><span style=\"font-size: 14pt;\">1963:<\/span><\/p>\n<ul>\n<li><span style=\"font-size: 14pt;\">Die anderen Kreise folgen: am 07.11.1963 Ottweiler-Steinbach im Kreis Neunkirchen durch Ernst Platz, und im Kreis St. Wendel entsteht am 10.11.1970 der erste Ortsverein in Mosberg-Walhausen.\u00a0 Mit Wolfersweiler-Nohfelden und Freisen-Reitscheid werden der 50. und 51. Landfrauenverein des Saarlandes gegr\u00fcndet.<\/span><\/li>\n<li><span style=\"font-size: 14pt;\">Die Landwirtschaftsschulen sind es, unter deren fachlicher Betreuung die B\u00e4uerinnen geschult und die Landfrauenvereine gegr\u00fcndet werden.<\/span><\/li>\n<li><span style=\"font-size: 14pt;\">In Saarlouis sind es Katharina Bernhard und Anneliese Diem, in Blieskastel ist es Beate Koch, die dann auch die erste Landesgesch\u00e4ftsf\u00fchrerin im Saarland wird, in Merzig ist es Annette Hartung und in St. Wendel ist es nach ihrer Versetzung dorthin, Maria Jochem.<\/span><\/li>\n<li><span style=\"font-size: 14pt;\">Verein um Verein wird gegr\u00fcndet. Maria Jochem, Lehrerin an der Landwirtschaftsschule Blieskastel, ist dabei die treibende Kraft. Wo sie eingesetzt ist, werden Vereine gegr\u00fcndet: angefangen im Saar-Pfalz-Kreis \u00fcber Losheim und schlie\u00dflich in St. Wendel.<\/span><\/li>\n<li><span style=\"font-size: 14pt;\">Die Leiterinnen der M\u00e4dchenabteilung der Landwirtschaftsschulen Merzig und Losheim werden in den Vorstand aufgenommen.<\/span><\/li>\n<li><span style=\"font-size: 14pt;\">Kontakte werden gepflegt, Mitgliedschaften mit anderen Verb\u00e4nden eingegangen.<\/span><\/li>\n<li><span style=\"font-size: 14pt;\">1963 wird Wally Nacken in den Vorstand der Verbraucherzentrale gew\u00e4hlt.<\/span><\/li>\n<\/ul>\n<p><span style=\"font-size: 14pt;\">1961:<\/span><\/p>\n<ul>\n<li><span style=\"font-size: 14pt;\">1961 tritt der junge Landfrauenverband dem Bauernverband als kooperatives Mitglied bei. Auch zu Landjugend, Landwirtschaftskammer, Frauenrat, Verbraucherzentrale, Ministerien und Kommunen werden Beziehungen aufgebaut.<\/span><\/li>\n<li><span style=\"font-size: 14pt;\">Die Mitarbeiterinnen und Mitarbeiter der Landwirtschaftsschulen aber sind nach wie vor Dreh- und Angelpunkt der ideellen und finanziellen Unterst\u00fctzung. Ihre Geh\u00e4lter werden aus \u00f6ffentlichen Mitteln bezahlt und dadurch kann die F\u00f6rderung der B\u00e4uerinnenbildung qualitativ und quantitativ auf hohem Niveau erfolgen.<\/span><\/li>\n<li><span style=\"font-size: 14pt;\">Die Verbandsarbeit beginnt mit Vortr\u00e4gen, Seminaren, Lehrfahrten, Landfrauentagen und Freizeitgestaltung.<\/span><\/li>\n<li><span style=\"font-size: 14pt;\">Ab 1961 sind die Landfrauen in der Landwirtschaftskammer vertreten.<\/span><\/li>\n<li><span style=\"font-size: 14pt;\">Zun\u00e4chst durch Helene Beck, sp\u00e4ter durch Ruth H\u00fcther, Christel Steitz und zur Zeit durch Christel Altmeier.<\/span><\/li>\n<\/ul>\n<p><span style=\"font-size: 14pt;\">1960:<\/span><\/p>\n<ul>\n<li><span style=\"font-size: 14pt;\">Im Sommer 1960 \u00fcbernimmt Heidi Neitzert die Landesgesch\u00e4ftf\u00fchrung.<\/span><\/li>\n<li><span style=\"font-size: 14pt;\">Sie ist an der Landwirtschaftsschule in Blieskastel angestellt und betreut nun schon 20 Landfrauenvereine mit 526 Mitgliedern.<\/span><\/li>\n<li><span style=\"font-size: 14pt;\">Es werden in den folgenden Jahren viele Seminaren durchgef\u00fchrt, gro\u00dfz\u00fcgig gef\u00f6rdert vom Bundesministerium f\u00fcr Landwirtschaft. Auch andere Einrichtungen und Firmen entdecken die Landfrauen als Zielgruppe f\u00fcr ihre Angebote und Produkte.<\/span><\/li>\n<\/ul>\n<p><span style=\"font-size: 14pt;\">1957:<\/span><\/p>\n<ul>\n<li><span style=\"font-size: 14pt;\">Die Geburtsstunde des Landfrauenverbandes Saar e.V. war die Gr\u00fcndungsversammlung am 10. Januar 1957 in der Landwirtschaftsschule Blieskastel mit 28 Frauen aus dem Saar-Pfalz-Kreis, dem Stadtverband, sowie aus den Kreisen Saarlouis und St. Wendel.<\/span><br \/><span style=\"font-size: 14pt;\">Eingeladen hatte Beate Koch und beschlossen wurde die Gr\u00fcndung eines Verbandes, um die Interessen der B\u00e4uerinnen besser vertreten zu k\u00f6nnen und sie \u201cin ihrem beruflichen Wissen und K\u00f6nnen laufend zu f\u00f6rdern\u201d.<\/span><br \/><span style=\"font-size: 14pt;\">Zur 1. Vorsitzenden wurde Annemarie Lindemann aus Blieskastel gew\u00e4hlt, ihre Stellvertreterin wird Frieda Sandmeier aus B\u00f6ckweiler. Sehr bald werden die ersten Landfrauen-Ortsvereine im Saar-Pfalz-Kreis und im Stadtverband gegr\u00fcndet:<\/span><br \/><span style=\"font-size: 14pt;\">am 23.01.1957 B\u00f6ckweiler, am 25.01.57 Limbach, am 29.01.57 die Vereine Bischmisheim und Ormesheim, am 26.02.57 Webenheim, am 01.03.57. Niederw\u00fcrzbach und am 06.12.57 Niederbexbach.<\/span>\n<p><span style=\"font-size: 14pt;\">Im Kreis Saarlouis wird am 19.10.1957 in Felsberg der erste Landfrauenverein gegr\u00fcndet.<\/span><br \/><span style=\"font-size: 14pt;\">Im Kreis Merzig-Wadern wird der erste Landfrauenverein im Sommer 1958 in M\u00fcnchweiler gegr\u00fcndet.<\/span><\/p>\n<\/li>\n<\/ul>\n<ul>\n<li><span style=\"font-size: 14pt;\">Bereits am 26. M\u00e4rz 1957 findet unter der Regie des Landesvorstandes der erste Landfrauentag in Saarbr\u00fccken statt.<\/span><\/li>\n<li><span style=\"font-size: 14pt;\">Der LFV Saar ist von Anfang an eingebunden in den Deutschen Landfrauenverband, bei dem er Mitglied ist und j\u00e4hrlich Beitr\u00e4ge bezahlt.<\/span><\/li>\n<li><span style=\"font-size: 14pt;\">Am 01.07.1958 hat der LFV Saar schon 251 Mitglieder.<\/span><\/li>\n<\/ul>\n<p>[\/et_pb_text][\/et_pb_column][\/et_pb_row][\/et_pb_section]<\/p>\n","protected":false},"excerpt":{"rendered":"<p>Landfrauen im Wandel der Zeit2023:Der Vorstand des Landesverbandes der SaarLandFrauen e. V. wird neu gew\u00e4hlt, Camilla Atmer-Steitz wird zum 2. Mal im Amt best\u00e4tigt und ist weiterhin Landesvorsitzende. Als neue Stellvertreterinnen wurden Anja Gro\u00df und Melanie Laub gew\u00e4hlt. Beisitzerinnen sind Diana Deck, Judith Tasch und Angelika Conrad.2020:Camilla Atmer-Steitz wird als 2. Stellvertretende Vorsitzende im Frauenrat [&hellip;]<\/p>\n","protected":false},"author":1,"featured_media":0,"parent":83,"menu_order":0,"comment_status":"closed","ping_status":"closed","template":"","meta":{"_et_pb_use_builder":"on","_et_pb_old_content":"","_et_gb_content_width":"","footnotes":""},"class_list":["post-66","page","type-page","status-publish","hentry"],"_links":{"self":[{"href":"https:\/\/saarlandfrauen.de\/index.php?rest_route=\/wp\/v2\/pages\/66","targetHints":{"allow":["GET"]}}],"collection":[{"href":"https:\/\/saarlandfrauen.de\/index.php?rest_route=\/wp\/v2\/pages"}],"about":[{"href":"https:\/\/saarlandfrauen.de\/index.php?rest_route=\/wp\/v2\/types\/page"}],"author":[{"embeddable":true,"href":"https:\/\/saarlandfrauen.de\/index.php?rest_route=\/wp\/v2\/users\/1"}],"replies":[{"embeddable":true,"href":"https:\/\/saarlandfrauen.de\/index.php?rest_route=%2Fwp%2Fv2%2Fcomments&post=66"}],"version-history":[{"count":26,"href":"https:\/\/saarlandfrauen.de\/index.php?rest_route=\/wp\/v2\/pages\/66\/revisions"}],"predecessor-version":[{"id":4293,"href":"https:\/\/saarlandfrauen.de\/index.php?rest_route=\/wp\/v2\/pages\/66\/revisions\/4293"}],"up":[{"embeddable":true,"href":"https:\/\/saarlandfrauen.de\/index.php?rest_route=\/wp\/v2\/pages\/83"}],"wp:attachment":[{"href":"https:\/\/saarlandfrauen.de\/index.php?rest_route=%2Fwp%2Fv2%2Fmedia&parent=66"}],"curies":[{"name":"wp","href":"https:\/\/api.w.org\/{rel}","templated":true}]}}